{"id":1605,"date":"2020-01-19T12:15:45","date_gmt":"2020-01-19T11:15:45","guid":{"rendered":"https:\/\/pohltherapie-freiburg.de\/events\/der-atemkurs-herbst\/"},"modified":"2020-01-22T10:17:58","modified_gmt":"2020-01-22T09:17:58","slug":"atemkurs-herbst","status":"publish","type":"ajde_events","link":"https:\/\/pohltherapie-freiburg.de\/en\/events\/atemkurs-herbst\/","title":{"rendered":"Atemwege &#8211; Der Atemkurs im Herbst"},"content":{"rendered":"<h1>Atemwege &#8211; der Atemkurs im Herbst<\/h1>\n<h2>\u00dcbungen und Selbstbehandlungen f\u00fcr freieres Atmen, gegen Depression und schlechte Laune<\/h2>\n<p>Was hat Atmung mit der Laune zu tun? Was mit Angst oder Panik? Was mit psychischen Problemen oder Stress? Was mit Schlaf oder mit Sexualit\u00e4t? Was mit der Verdauung oder mit Sodbrennen? Was\u00a0<em>ist<\/em>\u00a0\u00fcberhaupt Atmen?<\/p>\n<p>Reicht es nicht, dass ich atme? Warum noch Gedanken machen oder das Atmen sogar\u00a0<em>\u00fcben<\/em>? Atme ich etwa falsch oder schlecht? Bis jetzt habe ich doch auch immer geatmet, l\u00e4uft doch irgendwie von selbst! Machen das nicht die Lungen von allein? Ich mache Yoga oder Tai Chi, da wei\u00df ich doch, wie man zu atmen hat! Mich auf die Atmung zu konzentrieren? Oje, am Ende mache ich da noch etwas\u00a0<em>falsch<\/em>!<\/p>\n<p>Interessant, dass so ein nat\u00fcrlicher Vorgang so viele Gedanken und Bedenken ausl\u00f6sen kann. Aber nicht umsonst haben sich seit ewigen Zeiten s\u00e4mtliche gro\u00dfe K\u00f6rper-und Geist-Schulen wie etwa das indische Yoga oder die asiatischen Kampfk\u00fcnste wie Tai Chi, Kung Fu, Karate, Aikido usw. dem Thema Atmung gewidmet und ihr einen gro\u00dfen Stellenwert f\u00fcr K\u00f6rper und Geist einger\u00e4umt, ebenso wie neuere Str\u00f6mungen wie das holotrope Atmen nach Grof oder der erfahrbare Atmen nach Middendorf.<\/p>\n<p>Atem bedeutet Leben. Wenn wir auf die Welt kommen, atmen wir zum ersten Mal ein (vorher \u201eatmeten\u201c wir durch die Nabelschnur). Ab da k\u00f6nnen wir von der Welt inspiriert werden (In-spirieren = Einatmen, von lat. spirare = atmen). Wenn wir sterben, atmen wir zum letzten Mal aus. Im Englischen hei\u00dft enden\/erl\u00f6schen to expire, was auch Ausatmen hei\u00dft.<\/p>\n<p>Der Atem verbindet unseren K\u00f6rper mit der Au\u00dfenwelt. Er absorbiert Stoffe aus der uns umgebenden Luft und tr\u00e4gt diese in den K\u00f6rper hinein, wo sie umgewandelt werden. Teile der umgewandelten Stoffe werden bei der Ausatmung wieder in die Luft abgegeben.<\/p>\n<p>Die Atmung findet statt, auch ohne dass wir dar\u00fcber nachdenken oder etwas \u00fcben. Gleichzeitig haben wir Einfluss auf die Atmung, wenn auch begrenzt. Wir k\u00f6nnen die Luft anhalten, wir k\u00f6nnen ein- und ausatmen, wann wir\u00a0<em>wollen<\/em>. Mit Visualisierungen k\u00f6nnen wir den Atem in verschiedene Bereiche unseres K\u00f6rpers lenken, wir k\u00f6nnen mehr in die Brust oder mehr in den Bauch atmen.<\/p>\n<p>Unsere emotionale Verfassung bestimmt ma\u00dfgeblich, in welcher Weise wir atmen. So atmen wir flach, wenn wir gestresst, angespannt und sehr konzentriert sind. Wir atmen tief, wenn wir kurz vor dem Einschlafen wohlig entspannt sind oder wenn der Druck der schweren Aufgabe endlich von uns abf\u00e4llt.<\/p>\n<p>Andererseits bestimmt die Atmung umgekehrt, wie wir uns f\u00fchlen! Kurz- und Flachatmer sind eher misslaunig, neigen zu D\u00fcnnh\u00e4utigkeit, Nervosit\u00e4t, Zorn und Depression und haben meist Verdauungsprobleme. Dieser Aspekt wird von den g\u00e4ngigen Therapiemethoden in der Regel untersch\u00e4tzt bzw. kaum ber\u00fccksichtigt. Die alten Meister hingegen wussten das schon!<\/p>\n<p>Die Schulmedizin beachtet diese Aspekte eher wenig. F\u00fcr sie ist die Atmung eigentlich nur dann von Interesse, wenn mit ihr etwas nicht stimmt, also bei den Atemerkrankungen wie Asthma, chronische Bronchitis, COPD o.\u00e4. F\u00fcr die Schulmedizin ist Atmung in erster Linie ein Vorgang, der etwas mit Lungen und Gef\u00e4\u00dfen zu tun hat, weniger mit der biomechanischen Komponente der Muskelbewegung. Googeln Sie doch mal nach \u201eAtmung\u201c!<\/p>\n<p>Der Grad an Anspannung in unserer Muskulatur bestimmt den Freiheitsgrad des Atmens und somit auch unsere Atemr\u00e4ume. In einem verspannten \u201ePanzer\u201c atmet es sich schlecht. Es gibt Atemmuskeln, die die Atmung \u201emachen\u201c (etwa indem sie bei der Einatmung die Lungen gro\u00df \u201eziehen\u201c oder die Rippen weiten und bei der Ausatmung diese Prozesse wieder r\u00fcckg\u00e4ngig machen), das sind die Hauptakteure. Dann gibt es noch Muskeln, die diese Hauptakteure und damit die Atmung behindern k\u00f6nnen: die Gegenspieler. Die Hauptakteure m\u00fcssen agieren k\u00f6nnen, die Gegenspieler sollten sie daran nicht behindern, das w\u00e4re optimal.<\/p>\n<p>Normalerweise vertieft und beruhigt sich der Atem automatisch, wenn sich K\u00f6rper und Geist entspannen. in einem entspannten K\u00f6rper kann der Atem frei flie\u00dfen. Das hei\u00dft auch, dass wir nicht so viel ans Atmen denken m\u00fcssen, sondern uns darauf konzentrieren k\u00f6nnen, dass sich der atmende K\u00f6rper entspannt.<\/p>\n<h2><strong>Das Ziel ist der frei flie\u00dfende Atem in jeden m\u00f6glichen Atemraum ohne Nachdenken!<\/strong><\/h2>\n<p><u>Seminarinhalte:<\/u><\/p>\n<ul>\n<li>Ein neues Verst\u00e4ndnis vom Atemvorgang<\/li>\n<li>Das Kennenlernen der 4 Hauptakteure und der 12 Gegenspieler<\/li>\n<li>Bedingungen schaffen f\u00fcr freies Atmen (und sp\u00fcrbar erfahren, was uns daran hindert)<\/li>\n<li>Das Beweglichmachen der 4 Hauptakteure<\/li>\n<li>Das Lockermachen und L\u00f6sen der wichtigsten Gegenspieler<\/li>\n<li>Das Erlernen einer einfachen \u00dcbungsreihe, um dies bei Bedarf zu Hause fortf\u00fchren zu k\u00f6nnen<\/li>\n<\/ul>\n<p>Erw\u00fcnschte und wahrscheinliche Effekte:<\/p>\n<ul>\n<li>Beruhigung des gesamten Nervensystems: Stressabbau<\/li>\n<li>Heilungsprozesse k\u00f6nnen schneller ablaufen<\/li>\n<li>Die inneren Organe k\u00f6nnen durch die Massage, die ein tiefer Atem bewirkt, angeregt und funktionsf\u00e4higer gemacht werden<\/li>\n<li>Konzentrationsf\u00e4higkeit und die allgemeine geistige Klarheit und Leistungsf\u00e4higkeit nehmen zu.<\/li>\n<li>Die Laune steigt!<\/li>\n<\/ul>\n<p>Die \u00dcbungen sind leicht zu merken und lassen sich einzeln oder kombiniert angenehm zuhause durchf\u00fchren*. Da hierbei wie immer absolut\u00a0<strong>nicht<\/strong>\u00a0auf Kr\u00e4ftigung oder Dehnung gesetzt wird, kann wirklich jeder diese Bewegungsabfolge lernen und am Kurs teilnehmen.<\/p>\n<p>* Wie immer gibt es zum Seminar ein Handout, in diesem Fall auch Buchempfehlungen!<\/p>\n<p>Das Seminar richtet sich sowohl an \u201eNeulinge\u201c, als auch an \u201eAtemprofis\u201c, also Yoga- oder Tai Chi-Praktizierende, an Lungenfach\u00e4rzte oder HNO-\u00c4rzte, an Logop\u00e4den oder sonstige mit Atmung befasste Personen. Auch ehemalige Teilnehmer sind zur Wiederholung eingeladen, da bei jedem Seminar neue Inhalte einflie\u00dfen und eingeschlichene Fehler korrigiert werden, was gerade bei der Atmung sehr wichtig ist, um eine falsche Durchf\u00fchrung und damit unerw\u00fcnschte Effekte zu vermeiden.<\/p>\n<p>Es empfiehlt sich, dicke (Stopper-)Socken, bei Bedarf ein kleines Kissen (falls man nicht gut flach auf dem Boden liegen kann) eine Thermoskanne mit Tee o.\u00e4. und ein Handtuch mitzubringen, das man auf die Matte legen kann.<\/p>\n<p><strong>Kosten<\/strong> betragen f\u00fcr diesen 90-min\u00fctigen Kurs 25 Euro (in bar mitzubringen). Bei Buchung beider Kurse an einem Tag sind es nur 45 Euro.*<\/p>\n<p><strong>Ort<\/strong>: Steptraum, Industriestr. 41, 79194 Gundelfingen, <a href=\"https:\/\/www.steptraum.de\" target=\"_blank\" rel=\"noopener noreferrer\">https:\/\/www.steptraum.de<\/a><\/p>\n<p>Parkpl\u00e4tze sind direkt vor der Haust\u00fcr bzw. auf dem Parkplatz des Autohaus Lehmberg nebenan zu finden. Mit \u00f6ffentlichen Verkehrsmitteln kann man die Stra\u00dfenbahn Linie 4 bis Endstation \u201eGundelfinger Stra\u00dfe\u201c nehmen und von dort aus sind es gute 10 Min zu Fu\u00df.<\/p>\n<p>Die <strong>Anmeldung<\/strong> zu diesem Seminar erfolgt \u00fcber das <strong><a href=\"https:\/\/pohltherapie-freiburg.de\/aktuelles\/anmeldung-fuer-die-kurse-somatic-units\/\" target=\"_blank\" rel=\"noopener noreferrer\">Kontaktformular (HIER klicken)<\/a><\/strong> oder per E-Mail an kontakt@smkt-freiburg.de oder telefonisch unter 0761-45892412. Es gibt nochmals eine gesonderte Einladung per E-Mail ca. 2-3 Wochen vorher. Falls Sie noch nicht im E-Mail-Verteiler sind, schreiben Sie eine Mail an kontakt@smkt-freiburg.de und bitten um Aufnahme.<\/p>\n<p>Mindestteilnehmerzahl ist 8, maximal 25. Anmeldung bitte bis 2 Wochen vorher (sp\u00e4ter bei gen\u00fcgend Pl\u00e4tzen aber auch problemlos m\u00f6glich!).<\/p>\n<p>*Es besteht die M\u00f6glichkeit f\u00fcr\u00a0<strong>Privatversicherte<\/strong>\u00a0sowie Teilnehmer_innen mit einer\u00a0<strong>Zusatzversicherung<\/strong> f\u00fcr alternative Heilverfahren \/ Heilpraktiker, eine Rechnung nach der Geb\u00fchrenordnung f\u00fcr Heilpraktiker (Geb\u00fcH) zu bekommen. Bitte sprechen Sie mich bei Bedarf im Vorfeld darauf an! Selbstverst\u00e4ndlich muss der Kurs unabh\u00e4ngig von der Erstattungsbereitschaft Ihrer Kasse vor Ort bezahlt werden.<\/p>\n<p>Mehr Infos zum Thema finden Sie auf der Seite von Frau Dr. Pohl, z.B. hier:\u00a0<a href=\"https:\/\/koerpertherapie-zentrum.de\/behandelbare-beschwerden\/brustkorb\/atemstoerungen.html\">https:\/\/koerpertherapie-zentrum.de\/behandelbare-beschwerden\/brustkorb\/atemstoerungen.html<\/a><\/p>\n","protected":false},"author":2,"featured_media":1606,"menu_order":0,"comment_status":"closed","ping_status":"closed","template":"","meta":{"om_disable_all_campaigns":false,"_monsterinsights_skip_tracking":false,"_monsterinsights_sitenote_active":false,"_monsterinsights_sitenote_note":"","_monsterinsights_sitenote_category":0},"tags":[],"event_type":[],"event_type_2":[],"class_list":["post-1605","ajde_events","type-ajde_events","status-publish","has-post-thumbnail","hentry","event_location-uebungsraum-im-steptraum","event_organizer-alexander-tschoepe","has-post-title","has-post-date","has-post-category","has-post-tag","has-post-comment","has-post-author",""],"aioseo_notices":[],"_links":{"self":[{"href":"https:\/\/pohltherapie-freiburg.de\/en\/wp-json\/wp\/v2\/ajde_events\/1605","targetHints":{"allow":["GET"]}}],"collection":[{"href":"https:\/\/pohltherapie-freiburg.de\/en\/wp-json\/wp\/v2\/ajde_events"}],"about":[{"href":"https:\/\/pohltherapie-freiburg.de\/en\/wp-json\/wp\/v2\/types\/ajde_events"}],"author":[{"embeddable":true,"href":"https:\/\/pohltherapie-freiburg.de\/en\/wp-json\/wp\/v2\/users\/2"}],"replies":[{"embeddable":true,"href":"https:\/\/pohltherapie-freiburg.de\/en\/wp-json\/wp\/v2\/comments?post=1605"}],"wp:featuredmedia":[{"embeddable":true,"href":"https:\/\/pohltherapie-freiburg.de\/en\/wp-json\/wp\/v2\/media\/1606"}],"wp:attachment":[{"href":"https:\/\/pohltherapie-freiburg.de\/en\/wp-json\/wp\/v2\/media?parent=1605"}],"wp:term":[{"taxonomy":"post_tag","embeddable":true,"href":"https:\/\/pohltherapie-freiburg.de\/en\/wp-json\/wp\/v2\/tags?post=1605"},{"taxonomy":"event_type","embeddable":true,"href":"https:\/\/pohltherapie-freiburg.de\/en\/wp-json\/wp\/v2\/event_type?post=1605"},{"taxonomy":"event_type_2","embeddable":true,"href":"https:\/\/pohltherapie-freiburg.de\/en\/wp-json\/wp\/v2\/event_type_2?post=1605"}],"curies":[{"name":"wp","href":"https:\/\/api.w.org\/{rel}","templated":true}]}}